{"id":3799,"date":"2023-03-01T11:22:15","date_gmt":"2023-03-01T15:22:15","guid":{"rendered":"https:\/\/www.proinpa.org\/web\/?page_id=3799"},"modified":"2024-01-30T11:59:00","modified_gmt":"2024-01-30T15:59:00","slug":"intensificacion-agroecologica","status":"publish","type":"page","link":"https:\/\/www.proinpa.org\/web\/en\/lineas-estrategicas\/intensificacion-agroecologica\/","title":{"rendered":"Agroecological intensification"},"content":{"rendered":"<div data-elementor-type=\"wp-page\" data-elementor-id=\"3799\" class=\"elementor elementor-3799\">\n\t\t\t\t\t\t<section class=\"elementor-section elementor-top-section elementor-element elementor-element-2f85e2d elementor-section-boxed elementor-section-height-default elementor-section-height-default\" data-id=\"2f85e2d\" data-element_type=\"section\" data-e-type=\"section\">\n\t\t\t\t\t\t<div class=\"elementor-container elementor-column-gap-default\">\n\t\t\t\t\t<div class=\"elementor-column elementor-col-100 elementor-top-column elementor-element elementor-element-4ce84b1\" data-id=\"4ce84b1\" data-element_type=\"column\" data-e-type=\"column\">\n\t\t\t<div class=\"elementor-widget-wrap elementor-element-populated\">\n\t\t\t\t\t\t<div class=\"elementor-element elementor-element-3e164e6 elementor-widget elementor-widget-image\" data-id=\"3e164e6\" data-element_type=\"widget\" data-e-type=\"widget\" data-widget_type=\"image.default\">\n\t\t\t\t<div class=\"elementor-widget-container\">\n\t\t\t\t\t<style>.elementor-element-3e164e6{display:none !important}<\/style>\t\t\t\t<\/div>\n\t\t\t\t<\/div>\n\t\t\t\t<div class=\"elementor-element elementor-element-8ebec2d elementor-widget elementor-widget-image\" data-id=\"8ebec2d\" data-element_type=\"widget\" data-e-type=\"widget\" data-widget_type=\"image.default\">\n\t\t\t\t<div class=\"elementor-widget-container\">\n\t\t\t\t\t\t\t\t\t\t\t\t\t\t\t<img fetchpriority=\"high\" decoding=\"async\" width=\"1024\" height=\"229\" src=\"https:\/\/www.proinpa.org\/web\/wp-content\/uploads\/2023\/04\/cartel-intensificacion-agroecologica-ing_1.jpg\" class=\"attachment-large size-large wp-image-4425\" alt=\"\" srcset=\"https:\/\/www.proinpa.org\/web\/wp-content\/uploads\/2023\/04\/cartel-intensificacion-agroecologica-ing_1.jpg 1024w, https:\/\/www.proinpa.org\/web\/wp-content\/uploads\/2023\/04\/cartel-intensificacion-agroecologica-ing_1-300x67.jpg 300w, https:\/\/www.proinpa.org\/web\/wp-content\/uploads\/2023\/04\/cartel-intensificacion-agroecologica-ing_1-768x172.jpg 768w, https:\/\/www.proinpa.org\/web\/wp-content\/uploads\/2023\/04\/cartel-intensificacion-agroecologica-ing_1-18x4.jpg 18w, https:\/\/www.proinpa.org\/web\/wp-content\/uploads\/2023\/04\/cartel-intensificacion-agroecologica-ing_1-720x161.jpg 720w\" sizes=\"(max-width: 1024px) 100vw, 1024px\" \/>\t\t\t\t\t\t\t\t\t\t\t\t\t\t\t<\/div>\n\t\t\t\t<\/div>\n\t\t\t\t\t<\/div>\n\t\t<\/div>\n\t\t\t\t\t<\/div>\n\t\t<\/section>\n\t\t\t\t<section class=\"elementor-section elementor-top-section elementor-element elementor-element-7288bda elementor-section-boxed elementor-section-height-default elementor-section-height-default\" data-id=\"7288bda\" data-element_type=\"section\" data-e-type=\"section\">\n\t\t\t\t\t\t<div class=\"elementor-container elementor-column-gap-default\">\n\t\t\t\t\t<div class=\"elementor-column elementor-col-100 elementor-top-column elementor-element elementor-element-5d6b5f7\" data-id=\"5d6b5f7\" data-element_type=\"column\" data-e-type=\"column\">\n\t\t\t<div class=\"elementor-widget-wrap elementor-element-populated\">\n\t\t\t\t\t\t<div class=\"elementor-element elementor-element-3d8e47a elementor-widget elementor-widget-text-editor\" data-id=\"3d8e47a\" data-element_type=\"widget\" data-e-type=\"widget\" data-widget_type=\"text-editor.default\">\n\t\t\t\t<div class=\"elementor-widget-container\">\n\t\t\t\t\t\t\t\t\t<p>Producing more food in increasingly restricted conditions leads society to rethink the management of production systems. Agroecological intensification seeks to develop alternatives to improve soil microbiology and efficiently manage water.<\/p><p>These components, combined with the development of new varieties, more adapted to the effects of climate change, lead to greater sustainability of food production systems.<\/p><p>PROINPA develops agricultural production strategies based on the principles of agroecology and prioritizes the use of bio-inputs.<\/p>\t\t\t\t\t\t\t\t<\/div>\n\t\t\t\t<\/div>\n\t\t\t\t\t<\/div>\n\t\t<\/div>\n\t\t\t\t\t<\/div>\n\t\t<\/section>\n\t\t\t\t<section class=\"elementor-section elementor-top-section elementor-element elementor-element-d7a9598 elementor-section-boxed elementor-section-height-default elementor-section-height-default\" data-id=\"d7a9598\" data-element_type=\"section\" data-e-type=\"section\">\n\t\t\t\t\t\t<div class=\"elementor-container elementor-column-gap-default\">\n\t\t\t\t\t<div class=\"elementor-column elementor-col-100 elementor-top-column elementor-element elementor-element-162b20a\" data-id=\"162b20a\" data-element_type=\"column\" data-e-type=\"column\">\n\t\t\t<div class=\"elementor-widget-wrap elementor-element-populated\">\n\t\t\t\t\t\t<div class=\"elementor-element elementor-element-99be40f elementor-widget elementor-widget-heading\" data-id=\"99be40f\" data-element_type=\"widget\" data-e-type=\"widget\" data-widget_type=\"heading.default\">\n\t\t\t\t<div class=\"elementor-widget-container\">\n\t\t\t\t\t<h2 class=\"elementor-heading-title elementor-size-default\">Our Programs:<br><\/h2>\t\t\t\t<\/div>\n\t\t\t\t<\/div>\n\t\t\t\t\t<\/div>\n\t\t<\/div>\n\t\t\t\t\t<\/div>\n\t\t<\/section>\n\t\t\t\t<section class=\"elementor-section elementor-top-section elementor-element elementor-element-55aa001 elementor-section-boxed elementor-section-height-default elementor-section-height-default\" data-id=\"55aa001\" data-element_type=\"section\" data-e-type=\"section\">\n\t\t\t\t\t\t<div class=\"elementor-container elementor-column-gap-default\">\n\t\t\t\t\t<div class=\"elementor-column elementor-col-25 elementor-top-column elementor-element elementor-element-d7532f2\" data-id=\"d7532f2\" data-element_type=\"column\" data-e-type=\"column\">\n\t\t\t<div class=\"elementor-widget-wrap elementor-element-populated\">\n\t\t\t\t\t\t<div class=\"elementor-element elementor-element-fb5d27e elementor-widget elementor-widget-image\" data-id=\"fb5d27e\" data-element_type=\"widget\" data-e-type=\"widget\" data-widget_type=\"image.default\">\n\t\t\t\t<div class=\"elementor-widget-container\">\n\t\t\t\t\t<style>.elementor-element-fb5d27e{display:none !important}<\/style>\t\t\t\t<\/div>\n\t\t\t\t<\/div>\n\t\t\t\t<div class=\"elementor-element elementor-element-864d37c elementor-widget elementor-widget-image\" data-id=\"864d37c\" data-element_type=\"widget\" data-e-type=\"widget\" data-widget_type=\"image.default\">\n\t\t\t\t<div class=\"elementor-widget-container\">\n\t\t\t\t\t\t\t\t\t\t\t\t<figure class=\"wp-caption\">\n\t\t\t\t\t\t\t\t\t\t\t<a href=\"https:\/\/www.proinpa.org\/web\/en\/programas\/manejo-integrado-de-cultivos\/\">\n\t\t\t\t\t\t\t<img decoding=\"async\" width=\"236\" height=\"236\" src=\"https:\/\/www.proinpa.org\/web\/wp-content\/uploads\/2024\/01\/BOTON-Manejo-INGLES_2.png\" class=\"attachment-large size-large wp-image-4763\" alt=\"\" srcset=\"https:\/\/www.proinpa.org\/web\/wp-content\/uploads\/2024\/01\/BOTON-Manejo-INGLES_2.png 236w, https:\/\/www.proinpa.org\/web\/wp-content\/uploads\/2024\/01\/BOTON-Manejo-INGLES_2-150x150.png 150w, https:\/\/www.proinpa.org\/web\/wp-content\/uploads\/2024\/01\/BOTON-Manejo-INGLES_2-12x12.png 12w\" sizes=\"(max-width: 236px) 100vw, 236px\" \/>\t\t\t\t\t\t\t\t<\/a>\n\t\t\t\t\t\t\t\t\t\t\t<figcaption class=\"widget-image-caption wp-caption-text\"><\/figcaption>\n\t\t\t\t\t\t\t\t\t\t<\/figure>\n\t\t\t\t\t\t\t\t\t<\/div>\n\t\t\t\t<\/div>\n\t\t\t\t\t<\/div>\n\t\t<\/div>\n\t\t\t\t<div class=\"elementor-column elementor-col-25 elementor-top-column elementor-element elementor-element-5c06088\" data-id=\"5c06088\" data-element_type=\"column\" data-e-type=\"column\">\n\t\t\t<div class=\"elementor-widget-wrap elementor-element-populated\">\n\t\t\t\t\t\t<div class=\"elementor-element elementor-element-abccf35 elementor-widget elementor-widget-image\" data-id=\"abccf35\" data-element_type=\"widget\" data-e-type=\"widget\" data-widget_type=\"image.default\">\n\t\t\t\t<div class=\"elementor-widget-container\">\n\t\t\t\t\t<style>.elementor-element-abccf35{display:none !important}<\/style>\t\t\t\t<\/div>\n\t\t\t\t<\/div>\n\t\t\t\t<div class=\"elementor-element elementor-element-84b57b8 elementor-widget elementor-widget-image\" data-id=\"84b57b8\" data-element_type=\"widget\" data-e-type=\"widget\" data-widget_type=\"image.default\">\n\t\t\t\t<div class=\"elementor-widget-container\">\n\t\t\t\t\t\t\t\t\t\t\t\t\t\t\t\t<a href=\"https:\/\/www.proinpa.org\/web\/en\/programas\/agrobiodiversidad\/\">\n\t\t\t\t\t\t\t<img decoding=\"async\" width=\"300\" height=\"300\" src=\"https:\/\/www.proinpa.org\/web\/wp-content\/uploads\/2023\/04\/Boton-programa-agrobiodiversidad.jpg\" class=\"attachment-large size-large wp-image-4383\" alt=\"\" srcset=\"https:\/\/www.proinpa.org\/web\/wp-content\/uploads\/2023\/04\/Boton-programa-agrobiodiversidad.jpg 300w, https:\/\/www.proinpa.org\/web\/wp-content\/uploads\/2023\/04\/Boton-programa-agrobiodiversidad-150x150.jpg 150w, https:\/\/www.proinpa.org\/web\/wp-content\/uploads\/2023\/04\/Boton-programa-agrobiodiversidad-12x12.jpg 12w\" sizes=\"(max-width: 300px) 100vw, 300px\" \/>\t\t\t\t\t\t\t\t<\/a>\n\t\t\t\t\t\t\t\t\t\t\t\t\t\t\t<\/div>\n\t\t\t\t<\/div>\n\t\t\t\t\t<\/div>\n\t\t<\/div>\n\t\t\t\t<div class=\"elementor-column elementor-col-25 elementor-top-column elementor-element elementor-element-9c06ebc\" data-id=\"9c06ebc\" data-element_type=\"column\" data-e-type=\"column\">\n\t\t\t<div class=\"elementor-widget-wrap elementor-element-populated\">\n\t\t\t\t\t\t<div class=\"elementor-element elementor-element-591a1bb elementor-widget elementor-widget-image\" data-id=\"591a1bb\" data-element_type=\"widget\" data-e-type=\"widget\" data-widget_type=\"image.default\">\n\t\t\t\t<div class=\"elementor-widget-container\">\n\t\t\t\t\t<style>.elementor-element-591a1bb{display:none !important}<\/style>\t\t\t\t<\/div>\n\t\t\t\t<\/div>\n\t\t\t\t<div class=\"elementor-element elementor-element-02a36cb elementor-widget elementor-widget-image\" data-id=\"02a36cb\" data-element_type=\"widget\" data-e-type=\"widget\" data-widget_type=\"image.default\">\n\t\t\t\t<div class=\"elementor-widget-container\">\n\t\t\t\t\t\t\t\t\t\t\t\t\t\t\t\t<a href=\"https:\/\/www.proinpa.org\/web\/en\/programas\/negocios-inclusivos\/\">\n\t\t\t\t\t\t\t<img loading=\"lazy\" decoding=\"async\" width=\"300\" height=\"300\" src=\"https:\/\/www.proinpa.org\/web\/wp-content\/uploads\/2023\/04\/Boton-programa-negocios-inclusivos.jpg\" class=\"attachment-large size-large wp-image-4384\" alt=\"\" srcset=\"https:\/\/www.proinpa.org\/web\/wp-content\/uploads\/2023\/04\/Boton-programa-negocios-inclusivos.jpg 300w, https:\/\/www.proinpa.org\/web\/wp-content\/uploads\/2023\/04\/Boton-programa-negocios-inclusivos-150x150.jpg 150w, https:\/\/www.proinpa.org\/web\/wp-content\/uploads\/2023\/04\/Boton-programa-negocios-inclusivos-12x12.jpg 12w\" sizes=\"(max-width: 300px) 100vw, 300px\" \/>\t\t\t\t\t\t\t\t<\/a>\n\t\t\t\t\t\t\t\t\t\t\t\t\t\t\t<\/div>\n\t\t\t\t<\/div>\n\t\t\t\t\t<\/div>\n\t\t<\/div>\n\t\t\t\t<div class=\"elementor-column elementor-col-25 elementor-top-column elementor-element elementor-element-c955104\" data-id=\"c955104\" data-element_type=\"column\" data-e-type=\"column\">\n\t\t\t<div class=\"elementor-widget-wrap elementor-element-populated\">\n\t\t\t\t\t\t<div class=\"elementor-element elementor-element-858280b elementor-widget elementor-widget-image\" data-id=\"858280b\" data-element_type=\"widget\" data-e-type=\"widget\" data-widget_type=\"image.default\">\n\t\t\t\t<div class=\"elementor-widget-container\">\n\t\t\t\t\t<style>.elementor-element-858280b{display:none !important}<\/style>\t\t\t\t<\/div>\n\t\t\t\t<\/div>\n\t\t\t\t<div class=\"elementor-element elementor-element-dc339a0 elementor-widget elementor-widget-image\" data-id=\"dc339a0\" data-element_type=\"widget\" data-e-type=\"widget\" data-widget_type=\"image.default\">\n\t\t\t\t<div class=\"elementor-widget-container\">\n\t\t\t\t\t\t\t\t\t\t\t\t\t\t\t\t<a href=\"https:\/\/www.proinpa.org\/web\/en\/programas\/granos-andinos\/\">\n\t\t\t\t\t\t\t<img loading=\"lazy\" decoding=\"async\" width=\"300\" height=\"300\" src=\"https:\/\/www.proinpa.org\/web\/wp-content\/uploads\/2023\/04\/Boton-programa-granos-andinos.jpg\" class=\"attachment-large size-large wp-image-4385\" alt=\"\" srcset=\"https:\/\/www.proinpa.org\/web\/wp-content\/uploads\/2023\/04\/Boton-programa-granos-andinos.jpg 300w, https:\/\/www.proinpa.org\/web\/wp-content\/uploads\/2023\/04\/Boton-programa-granos-andinos-150x150.jpg 150w, https:\/\/www.proinpa.org\/web\/wp-content\/uploads\/2023\/04\/Boton-programa-granos-andinos-12x12.jpg 12w\" sizes=\"(max-width: 300px) 100vw, 300px\" \/>\t\t\t\t\t\t\t\t<\/a>\n\t\t\t\t\t\t\t\t\t\t\t\t\t\t\t<\/div>\n\t\t\t\t<\/div>\n\t\t\t\t\t<\/div>\n\t\t<\/div>\n\t\t\t\t\t<\/div>\n\t\t<\/section>\n\t\t\t\t<\/div>","protected":false},"excerpt":{"rendered":"<p>Producing more food under increasingly restrictive conditions is forcing society to rethink the management of production systems. Agroecological intensification seeks to develop alternatives to improve soil microbiology and efficiently manage water. These components, combined with the development of new varieties better adapted to the effects\u2026&nbsp;<a href=\"https:\/\/www.proinpa.org\/web\/en\/lineas-estrategicas\/intensificacion-agroecologica\/\" rel=\"bookmark\">Read More \u00bb<span class=\"screen-reader-text\">Agroecological intensification<\/span><\/a><\/p>","protected":false},"author":4,"featured_media":0,"parent":3794,"menu_order":0,"comment_status":"closed","ping_status":"closed","template":"page-templates\/template_fullwidth.php","meta":{"neve_meta_sidebar":"","neve_meta_container":"","neve_meta_enable_content_width":"","neve_meta_content_width":0,"neve_meta_title_alignment":"","neve_meta_author_avatar":"","neve_post_elements_order":"","neve_meta_disable_header":"","neve_meta_disable_footer":"","neve_meta_disable_title":"","footnotes":""},"class_list":["post-3799","page","type-page","status-publish","hentry"],"yoast_head":"<!-- This site is optimized with the Yoast SEO plugin v27.5 - https:\/\/yoast.com\/product\/yoast-seo-wordpress\/ -->\n<title>Intensificacion Agroecol\u00f3gica - Fundaci\u00f3n PROINPA<\/title>\n<meta name=\"robots\" content=\"index, follow, max-snippet:-1, max-image-preview:large, max-video-preview:-1\" \/>\n<link rel=\"canonical\" href=\"https:\/\/www.proinpa.org\/web\/en\/lineas-estrategicas\/intensificacion-agroecologica\/\" \/>\n<meta property=\"og:locale\" content=\"en_US\" \/>\n<meta property=\"og:type\" content=\"article\" \/>\n<meta property=\"og:title\" content=\"Intensificacion Agroecol\u00f3gica - Fundaci\u00f3n PROINPA\" \/>\n<meta property=\"og:description\" content=\"Producir m\u00e1s alimentos en condiciones cada vez m\u00e1s restringidas, lleva a la sociedad a replantearse el manejo de los sistemas de producci\u00f3n. La intensificaci\u00f3n agroecol\u00f3gica busca desarrollar alternativas para mejorar la microbiolog\u00eda del suelo y gestionar de manera eficiente el agua. Estos componentes, combinados con el desarrollo de nuevas variedades, m\u00e1s adaptadas a los efectos&hellip;&nbsp;Read More &raquo;Intensificacion Agroecol\u00f3gica\" \/>\n<meta property=\"og:url\" content=\"https:\/\/www.proinpa.org\/web\/en\/lineas-estrategicas\/intensificacion-agroecologica\/\" \/>\n<meta property=\"og:site_name\" content=\"Fundaci\u00f3n PROINPA\" \/>\n<meta property=\"article:publisher\" content=\"https:\/\/www.facebook.com\/PROINPA\/\" \/>\n<meta property=\"article:modified_time\" content=\"2024-01-30T15:59:00+00:00\" \/>\n<meta property=\"og:image\" content=\"https:\/\/www.proinpa.org\/web\/wp-content\/uploads\/2023\/03\/Linea-Intensificacion-Agroecologica-Cartel-Titulo-WEB-2023-1024x229.jpg\" \/>\n<meta name=\"twitter:card\" content=\"summary_large_image\" \/>\n<meta name=\"twitter:label1\" content=\"Est. reading time\" \/>\n\t<meta name=\"twitter:data1\" content=\"1 minute\" \/>\n<script type=\"application\/ld+json\" class=\"yoast-schema-graph\">{\"@context\":\"https:\\\/\\\/schema.org\",\"@graph\":[{\"@type\":\"WebPage\",\"@id\":\"https:\\\/\\\/www.proinpa.org\\\/web\\\/lineas-estrategicas\\\/intensificacion-agroecologica\\\/\",\"url\":\"https:\\\/\\\/www.proinpa.org\\\/web\\\/lineas-estrategicas\\\/intensificacion-agroecologica\\\/\",\"name\":\"Intensificacion Agroecol\u00f3gica - Fundaci\u00f3n PROINPA\",\"isPartOf\":{\"@id\":\"https:\\\/\\\/www.proinpa.org\\\/web\\\/#website\"},\"primaryImageOfPage\":{\"@id\":\"https:\\\/\\\/www.proinpa.org\\\/web\\\/lineas-estrategicas\\\/intensificacion-agroecologica\\\/#primaryimage\"},\"image\":{\"@id\":\"https:\\\/\\\/www.proinpa.org\\\/web\\\/lineas-estrategicas\\\/intensificacion-agroecologica\\\/#primaryimage\"},\"thumbnailUrl\":\"https:\\\/\\\/www.proinpa.org\\\/web\\\/wp-content\\\/uploads\\\/2023\\\/03\\\/Linea-Intensificacion-Agroecologica-Cartel-Titulo-WEB-2023-1024x229.jpg\",\"datePublished\":\"2023-03-01T15:22:15+00:00\",\"dateModified\":\"2024-01-30T15:59:00+00:00\",\"breadcrumb\":{\"@id\":\"https:\\\/\\\/www.proinpa.org\\\/web\\\/lineas-estrategicas\\\/intensificacion-agroecologica\\\/#breadcrumb\"},\"inLanguage\":\"en-US\",\"potentialAction\":[{\"@type\":\"ReadAction\",\"target\":[\"https:\\\/\\\/www.proinpa.org\\\/web\\\/lineas-estrategicas\\\/intensificacion-agroecologica\\\/\"]}]},{\"@type\":\"ImageObject\",\"inLanguage\":\"en-US\",\"@id\":\"https:\\\/\\\/www.proinpa.org\\\/web\\\/lineas-estrategicas\\\/intensificacion-agroecologica\\\/#primaryimage\",\"url\":\"https:\\\/\\\/www.proinpa.org\\\/web\\\/wp-content\\\/uploads\\\/2023\\\/03\\\/Linea-Intensificacion-Agroecologica-Cartel-Titulo-WEB-2023-1024x229.jpg\",\"contentUrl\":\"https:\\\/\\\/www.proinpa.org\\\/web\\\/wp-content\\\/uploads\\\/2023\\\/03\\\/Linea-Intensificacion-Agroecologica-Cartel-Titulo-WEB-2023-1024x229.jpg\"},{\"@type\":\"BreadcrumbList\",\"@id\":\"https:\\\/\\\/www.proinpa.org\\\/web\\\/lineas-estrategicas\\\/intensificacion-agroecologica\\\/#breadcrumb\",\"itemListElement\":[{\"@type\":\"ListItem\",\"position\":1,\"name\":\"Portada\",\"item\":\"https:\\\/\\\/www.proinpa.org\\\/web\\\/\"},{\"@type\":\"ListItem\",\"position\":2,\"name\":\"L\u00edneas estrat\u00e9gicas\",\"item\":\"https:\\\/\\\/www.proinpa.org\\\/web\\\/lineas-estrategicas\\\/\"},{\"@type\":\"ListItem\",\"position\":3,\"name\":\"Intensificacion Agroecol\u00f3gica\"}]},{\"@type\":\"WebSite\",\"@id\":\"https:\\\/\\\/www.proinpa.org\\\/web\\\/#website\",\"url\":\"https:\\\/\\\/www.proinpa.org\\\/web\\\/\",\"name\":\"Fundaci\u00f3n PROINPA\",\"description\":\"Fundaci\u00f3n para la Promoci\u00f3n e Investigaci\u00f3n de Productos Andinos\",\"publisher\":{\"@id\":\"https:\\\/\\\/www.proinpa.org\\\/web\\\/#organization\"},\"potentialAction\":[{\"@type\":\"SearchAction\",\"target\":{\"@type\":\"EntryPoint\",\"urlTemplate\":\"https:\\\/\\\/www.proinpa.org\\\/web\\\/?s={search_term_string}\"},\"query-input\":{\"@type\":\"PropertyValueSpecification\",\"valueRequired\":true,\"valueName\":\"search_term_string\"}}],\"inLanguage\":\"en-US\"},{\"@type\":\"Organization\",\"@id\":\"https:\\\/\\\/www.proinpa.org\\\/web\\\/#organization\",\"name\":\"Fundaci\u00f3n Proinpa\",\"url\":\"https:\\\/\\\/www.proinpa.org\\\/web\\\/\",\"logo\":{\"@type\":\"ImageObject\",\"inLanguage\":\"en-US\",\"@id\":\"https:\\\/\\\/www.proinpa.org\\\/web\\\/#\\\/schema\\\/logo\\\/image\\\/\",\"url\":\"https:\\\/\\\/www.proinpa.org\\\/web\\\/wp-content\\\/uploads\\\/2019\\\/09\\\/logo_proinpa2.png\",\"contentUrl\":\"https:\\\/\\\/www.proinpa.org\\\/web\\\/wp-content\\\/uploads\\\/2019\\\/09\\\/logo_proinpa2.png\",\"width\":110,\"height\":85,\"caption\":\"Fundaci\u00f3n Proinpa\"},\"image\":{\"@id\":\"https:\\\/\\\/www.proinpa.org\\\/web\\\/#\\\/schema\\\/logo\\\/image\\\/\"},\"sameAs\":[\"https:\\\/\\\/www.facebook.com\\\/PROINPA\\\/\",\"https:\\\/\\\/www.youtube.com\\\/user\\\/FundacionPROINPA\"]}]}<\/script>\n<!-- \/ Yoast SEO plugin. -->","yoast_head_json":{"title":"Agroecological Intensification - PROINPA Foundation","robots":{"index":"index","follow":"follow","max-snippet":"max-snippet:-1","max-image-preview":"max-image-preview:large","max-video-preview":"max-video-preview:-1"},"canonical":"https:\/\/www.proinpa.org\/web\/en\/lineas-estrategicas\/intensificacion-agroecologica\/","og_locale":"en_US","og_type":"article","og_title":"Intensificacion Agroecol\u00f3gica - Fundaci\u00f3n PROINPA","og_description":"Producir m\u00e1s alimentos en condiciones cada vez m\u00e1s restringidas, lleva a la sociedad a replantearse el manejo de los sistemas de producci\u00f3n. La intensificaci\u00f3n agroecol\u00f3gica busca desarrollar alternativas para mejorar la microbiolog\u00eda del suelo y gestionar de manera eficiente el agua. Estos componentes, combinados con el desarrollo de nuevas variedades, m\u00e1s adaptadas a los efectos&hellip;&nbsp;Read More &raquo;Intensificacion Agroecol\u00f3gica","og_url":"https:\/\/www.proinpa.org\/web\/en\/lineas-estrategicas\/intensificacion-agroecologica\/","og_site_name":"Fundaci\u00f3n PROINPA","article_publisher":"https:\/\/www.facebook.com\/PROINPA\/","article_modified_time":"2024-01-30T15:59:00+00:00","og_image":[{"url":"https:\/\/www.proinpa.org\/web\/wp-content\/uploads\/2023\/03\/Linea-Intensificacion-Agroecologica-Cartel-Titulo-WEB-2023-1024x229.jpg","type":"","width":"","height":""}],"twitter_card":"summary_large_image","twitter_misc":{"Est. reading time":"1 minute"},"schema":{"@context":"https:\/\/schema.org","@graph":[{"@type":"WebPage","@id":"https:\/\/www.proinpa.org\/web\/lineas-estrategicas\/intensificacion-agroecologica\/","url":"https:\/\/www.proinpa.org\/web\/lineas-estrategicas\/intensificacion-agroecologica\/","name":"Agroecological Intensification - PROINPA Foundation","isPartOf":{"@id":"https:\/\/www.proinpa.org\/web\/#website"},"primaryImageOfPage":{"@id":"https:\/\/www.proinpa.org\/web\/lineas-estrategicas\/intensificacion-agroecologica\/#primaryimage"},"image":{"@id":"https:\/\/www.proinpa.org\/web\/lineas-estrategicas\/intensificacion-agroecologica\/#primaryimage"},"thumbnailUrl":"https:\/\/www.proinpa.org\/web\/wp-content\/uploads\/2023\/03\/Linea-Intensificacion-Agroecologica-Cartel-Titulo-WEB-2023-1024x229.jpg","datePublished":"2023-03-01T15:22:15+00:00","dateModified":"2024-01-30T15:59:00+00:00","breadcrumb":{"@id":"https:\/\/www.proinpa.org\/web\/lineas-estrategicas\/intensificacion-agroecologica\/#breadcrumb"},"inLanguage":"en-US","potentialAction":[{"@type":"ReadAction","target":["https:\/\/www.proinpa.org\/web\/lineas-estrategicas\/intensificacion-agroecologica\/"]}]},{"@type":"ImageObject","inLanguage":"en-US","@id":"https:\/\/www.proinpa.org\/web\/lineas-estrategicas\/intensificacion-agroecologica\/#primaryimage","url":"https:\/\/www.proinpa.org\/web\/wp-content\/uploads\/2023\/03\/Linea-Intensificacion-Agroecologica-Cartel-Titulo-WEB-2023-1024x229.jpg","contentUrl":"https:\/\/www.proinpa.org\/web\/wp-content\/uploads\/2023\/03\/Linea-Intensificacion-Agroecologica-Cartel-Titulo-WEB-2023-1024x229.jpg"},{"@type":"BreadcrumbList","@id":"https:\/\/www.proinpa.org\/web\/lineas-estrategicas\/intensificacion-agroecologica\/#breadcrumb","itemListElement":[{"@type":"ListItem","position":1,"name":"Portada","item":"https:\/\/www.proinpa.org\/web\/"},{"@type":"ListItem","position":2,"name":"L\u00edneas estrat\u00e9gicas","item":"https:\/\/www.proinpa.org\/web\/lineas-estrategicas\/"},{"@type":"ListItem","position":3,"name":"Intensificacion Agroecol\u00f3gica"}]},{"@type":"WebSite","@id":"https:\/\/www.proinpa.org\/web\/#website","url":"https:\/\/www.proinpa.org\/web\/","name":"PROINPA Foundation","description":"Foundation for the Promotion and Research of Andean Products","publisher":{"@id":"https:\/\/www.proinpa.org\/web\/#organization"},"potentialAction":[{"@type":"SearchAction","target":{"@type":"EntryPoint","urlTemplate":"https:\/\/www.proinpa.org\/web\/?s={search_term_string}"},"query-input":{"@type":"PropertyValueSpecification","valueRequired":true,"valueName":"search_term_string"}}],"inLanguage":"en-US"},{"@type":"Organization","@id":"https:\/\/www.proinpa.org\/web\/#organization","name":"Proinpa Foundation","url":"https:\/\/www.proinpa.org\/web\/","logo":{"@type":"ImageObject","inLanguage":"en-US","@id":"https:\/\/www.proinpa.org\/web\/#\/schema\/logo\/image\/","url":"https:\/\/www.proinpa.org\/web\/wp-content\/uploads\/2019\/09\/logo_proinpa2.png","contentUrl":"https:\/\/www.proinpa.org\/web\/wp-content\/uploads\/2019\/09\/logo_proinpa2.png","width":110,"height":85,"caption":"Fundaci\u00f3n Proinpa"},"image":{"@id":"https:\/\/www.proinpa.org\/web\/#\/schema\/logo\/image\/"},"sameAs":["https:\/\/www.facebook.com\/PROINPA\/","https:\/\/www.youtube.com\/user\/FundacionPROINPA"]}]}},"_links":{"self":[{"href":"https:\/\/www.proinpa.org\/web\/en\/wp-json\/wp\/v2\/pages\/3799","targetHints":{"allow":["GET"]}}],"collection":[{"href":"https:\/\/www.proinpa.org\/web\/en\/wp-json\/wp\/v2\/pages"}],"about":[{"href":"https:\/\/www.proinpa.org\/web\/en\/wp-json\/wp\/v2\/types\/page"}],"author":[{"embeddable":true,"href":"https:\/\/www.proinpa.org\/web\/en\/wp-json\/wp\/v2\/users\/4"}],"replies":[{"embeddable":true,"href":"https:\/\/www.proinpa.org\/web\/en\/wp-json\/wp\/v2\/comments?post=3799"}],"version-history":[{"count":78,"href":"https:\/\/www.proinpa.org\/web\/en\/wp-json\/wp\/v2\/pages\/3799\/revisions"}],"predecessor-version":[{"id":4769,"href":"https:\/\/www.proinpa.org\/web\/en\/wp-json\/wp\/v2\/pages\/3799\/revisions\/4769"}],"up":[{"embeddable":true,"href":"https:\/\/www.proinpa.org\/web\/en\/wp-json\/wp\/v2\/pages\/3794"}],"wp:attachment":[{"href":"https:\/\/www.proinpa.org\/web\/en\/wp-json\/wp\/v2\/media?parent=3799"}],"curies":[{"name":"wp","href":"https:\/\/api.w.org\/{rel}","templated":true}]}}